{"id":137,"date":"2024-08-18T11:10:28","date_gmt":"2024-08-18T09:10:28","guid":{"rendered":"https:\/\/www.zusklapkova.cz\/web2\/?page_id=137"},"modified":"2026-08-25T18:10:59","modified_gmt":"2026-08-25T16:10:59","slug":"vitejte-na-nasich-strankach","status":"publish","type":"page","link":"https:\/\/www.zusklapkova.cz\/web2\/","title":{"rendered":"Um\u011bleck\u00fd rozvoj pro ka\u017ed\u00e9 d\u00edt\u011b"},"content":{"rendered":"\n<p class=\"has-medium-font-size wp-block-paragraph\">Z\u00e1kladn\u00ed um\u011bleck\u00e1 \u0161kola, Praha 8, Klapkova 25, nab\u00edz\u00ed komplexn\u00ed vzd\u011bl\u00e1n\u00ed v hudebn\u00edm, liter\u00e1rn\u011b-dramatick\u00e9m, tane\u010dn\u00edm a v\u00fdtvarn\u00e9m oboru pro d\u011bti ve v\u011bku 5 a\u017e 18 let. Na\u0161\u00edm posl\u00e1n\u00edm je podporovat kreativitu a um\u011bleck\u00fd r\u016fst ka\u017ed\u00e9ho \u017e\u00e1ka v prost\u0159ed\u00ed, kter\u00e9 inspiruje a motivuje.<\/p>\n\n\n<div class=\"wp-block-image\">\n<figure class=\"aligncenter size-full\"><a href=\"https:\/\/www.zusklapkova.cz\/web2\/startujeme-skolni-rok-2026-2027-dulezite-terminy-a-informace-na-jednom-miste\/\" target=\"_blank\" rel=\" noreferrer noopener\"><img loading=\"lazy\" decoding=\"async\" width=\"1024\" height=\"1024\" src=\"https:\/\/www.zusklapkova.cz\/web2\/wp-content\/uploads\/2026\/08\/obrazek_2.jpeg\" alt=\"\" class=\"wp-image-849\" srcset=\"https:\/\/www.zusklapkova.cz\/web2\/wp-content\/uploads\/2026\/08\/obrazek_2.jpeg 1024w, https:\/\/www.zusklapkova.cz\/web2\/wp-content\/uploads\/2026\/08\/obrazek_2-300x300.jpeg 300w, https:\/\/www.zusklapkova.cz\/web2\/wp-content\/uploads\/2026\/08\/obrazek_2-150x150.jpeg 150w, https:\/\/www.zusklapkova.cz\/web2\/wp-content\/uploads\/2026\/08\/obrazek_2-768x768.jpeg 768w\" sizes=\"auto, (max-width: 1024px) 100vw, 1024px\" \/><\/a><\/figure>\n<\/div>\n\n\n<p class=\"has-background has-medium-font-size wp-block-paragraph\" style=\"background-color:#c2cbea\">Podrobn\u00e9 informace pro nov\u011b p\u0159ijat\u00e9 \u017e\u00e1ky a jejich rodi\u010de naleznete v rubrice <a href=\"https:\/\/www.zusklapkova.cz\/web2\/category\/pro-saky-a-rodice\/\" data-type=\"link\" data-id=\"https:\/\/www.zusklapkova.cz\/web2\/category\/pro-saky-a-rodice\/\" target=\"_blank\" rel=\"noreferrer noopener\">Pro \u017e\u00e1ky a rodi\u010de<\/a>.<\/p>\n\n\n\n<p class=\"has-text-align-center has-large-font-size wp-block-paragraph\"><mark style=\"background-color:#e9f10f;color:#ec0c1b\" class=\"has-inline-color\"><a href=\"https:\/\/www.zusklapkova.cz\/web2\/prijimaci-rizeni-pro-skolni-rok-2026-2027\/\" target=\"_blank\" rel=\"noreferrer noopener\">Dodate\u010dn\u00e9 p\u0159ij\u00edmac\u00ed \u0159\u00edzen\u00ed pro \u0161koln\u00ed rok 2026\/2027<\/a><\/mark><\/p>\n\n\n\n<p class=\"has-text-align-center wp-block-paragraph\"><strong>Nejnov\u011bj\u0161\u00ed p\u0159\u00edsp\u011bvky<\/strong><\/p>\n\n\n<ul class=\"wp-block-latest-posts__list has-dates has-author wp-block-latest-posts\"><li><a class=\"wp-block-latest-posts__post-title\" href=\"https:\/\/www.zusklapkova.cz\/web2\/rozdeleni-uceben-1-9-2026\/\">Rozd\u011blen\u00ed u\u010deben 1. 9. 2026<\/a><div class=\"wp-block-latest-posts__post-author\">Autor: zusklapkova<\/div><time datetime=\"2026-08-31T16:27:25+02:00\" class=\"wp-block-latest-posts__post-date\">31. 8. 2026<\/time><div class=\"wp-block-latest-posts__post-excerpt\">V \u010dl\u00e1nku se dozv\u00edte, kde najdete &#8222;sv\u00e9ho&#8220; u\u010ditele p\u0159i zah\u00e1jen\u00ed \u0161koln\u00edho roku 2026\/2027.<\/div><\/li>\n<li><a class=\"wp-block-latest-posts__post-title\" href=\"https:\/\/www.zusklapkova.cz\/web2\/startujeme-skolni-rok-2026-2027-dulezite-terminy-a-informace-na-jednom-miste\/\">Startujeme \u0161koln\u00ed rok 2026\/2027: D\u016fle\u017eit\u00e9 term\u00edny a informace na jednom m\u00edst\u011b<\/a><div class=\"wp-block-latest-posts__post-author\">Autor: zusklapkova<\/div><time datetime=\"2026-08-17T23:36:33+02:00\" class=\"wp-block-latest-posts__post-date\">17. 8. 2026<\/time><div class=\"wp-block-latest-posts__post-excerpt\">V\u011b\u0159\u00edme, \u017ee s n\u00e1mi pro\u017eijete kr\u00e1sn\u00fd \u0161koln\u00ed rok! Ve\u0161ker\u00e9 informace k organizaci v\u00fduky a provozu \u0161koly budeme pr\u016fb\u011b\u017en\u011b zve\u0159ej\u0148ovat na&nbsp;www.zusklapkova.cz&nbsp;a v\u017edy je od n\u00e1s obdr\u017e\u00edte i e-mailem.<\/div><\/li>\n<li><a class=\"wp-block-latest-posts__post-title\" href=\"https:\/\/www.zusklapkova.cz\/web2\/slozeni-peveckych-sboru-pphv-a-phv-ve-skolnim-roce-2026-2027\/\">Slo\u017een\u00ed p\u011bveck\u00fdch sbor\u016f, PPHV a PHV ve \u0161koln\u00edm roce 2026\/2027<\/a><div class=\"wp-block-latest-posts__post-author\">Autor: zusklapkova<\/div><time datetime=\"2026-08-17T10:26:27+02:00\" class=\"wp-block-latest-posts__post-date\">17. 8. 2026<\/time><div class=\"wp-block-latest-posts__post-excerpt\">V \u010dl\u00e1nku naleznete seznam \u017e\u00e1k\u016f za\u0159azen\u00fdch za p\u0159ed\u0161koln\u00ed p\u0159\u00edpravn\u00e9 hudebn\u00ed v\u00fdchovy (PPHV), p\u0159\u00edpravn\u00e9 hudebn\u00ed v\u00fdchovy (PHV) a slo\u017een\u00ed p\u011bveck\u00fdch sbor\u016f P\u00edsklata, Ku\u0159\u00e1tka, S\u00fdkorky, Sk\u0159iv\u00e1nci a Slav\u00ed\u010dci ve \u0161koln\u00edm roce 2026\/2027. V p\u0159\u00edpad\u011b dotaz\u016f \u010di nejasnost\u00ed kontaktujte pros\u00edm Mgr. Alici Stav\u011blovou, e-mail: alice.stavelova@zusklapkova.cz.<\/div><\/li>\n<li><a class=\"wp-block-latest-posts__post-title\" href=\"https:\/\/www.zusklapkova.cz\/web2\/jak-se-zapsat-do-phv-hudebni-nauky-a-sboru-kuratka-skolni-rok-2026-2027\/\">Jak se zapsat do PHV, hudebn\u00ed nauky a sboru Ku\u0159\u00e1tka (\u0161koln\u00ed rok 2026\/2027)<\/a><div class=\"wp-block-latest-posts__post-author\">Autor: zusklapkova<\/div><time datetime=\"2026-06-26T13:31:58+02:00\" class=\"wp-block-latest-posts__post-date\">26. 6. 2026<\/time><div class=\"wp-block-latest-posts__post-excerpt\">Z\u00e1pis prob\u00edh\u00e1 online p\u0159es rezerva\u010dn\u00ed syst\u00e9m v elektronick\u00e9 \u017e\u00e1kovsk\u00e9 kn\u00ed\u017ece.<\/div><\/li>\n<li><a class=\"wp-block-latest-posts__post-title\" href=\"https:\/\/www.zusklapkova.cz\/web2\/informace-pro-rodice-zaku-prijatych-pro-skolni-rok-2026-2027-do-hudebniho-oboru\/\">Informace pro rodi\u010de \u017e\u00e1k\u016f p\u0159ijat\u00fdch pro \u0161koln\u00ed rok 2026\/2027 do hudebn\u00edho oboru<\/a><div class=\"wp-block-latest-posts__post-author\">Autor: zusklapkova<\/div><time datetime=\"2026-06-26T11:53:33+02:00\" class=\"wp-block-latest-posts__post-date\">26. 6. 2026<\/time><div class=\"wp-block-latest-posts__post-excerpt\">Gratulujeme v\u00e1m i va\u0161im d\u011btem k p\u0159ijet\u00ed do na\u0161\u00ed \u0161koly a p\u0159in\u00e1\u0161\u00edme v\u00e1m n\u011bkolik d\u016fle\u017eit\u00fdch informac\u00ed<\/div><\/li>\n<li><a class=\"wp-block-latest-posts__post-title\" href=\"https:\/\/www.zusklapkova.cz\/web2\/rozvrh-literarne-dramatickeho-oboru-ve-skolnim-roce-2026-2027\/\">Rozvrh liter\u00e1rn\u011b-dramatick\u00e9ho oboru ve \u0161koln\u00edm roce 2026\/2027<\/a><div class=\"wp-block-latest-posts__post-author\">Autor: zusklapkova<\/div><time datetime=\"2026-06-26T11:32:35+02:00\" class=\"wp-block-latest-posts__post-date\">26. 6. 2026<\/time><div class=\"wp-block-latest-posts__post-excerpt\">V \u010dl\u00e1nku naleznete rozvrh liter\u00e1rn\u011b-dramatick\u00e9ho oboru ve \u0161koln\u00edm roce 2026\/2027<\/div><\/li>\n<li><a class=\"wp-block-latest-posts__post-title\" href=\"https:\/\/www.zusklapkova.cz\/web2\/prijimaci-rizeni-pro-skolni-rok-2026-2027\/\">Dodate\u010dn\u00e9 p\u0159ij\u00edmac\u00ed \u0159\u00edzen\u00ed pro \u0161koln\u00ed rok 2026\/2027<\/a><div class=\"wp-block-latest-posts__post-author\">Autor: zusklapkova<\/div><time datetime=\"2026-03-23T16:20:07+01:00\" class=\"wp-block-latest-posts__post-date\">23. 3. 2026<\/time><div class=\"wp-block-latest-posts__post-excerpt\">Chcete rozv\u00edjet talent sv\u00e9ho d\u00edt\u011bte? P\u0159ihlaste je k n\u00e1m! Dodate\u010dn\u00e9 p\u0159ij\u00edmac\u00ed \u0159\u00edzen\u00ed prob\u011bhne 8. a. 9. z\u00e1\u0159\u00ed 2026. P\u0159ihl\u00e1\u0161ku m\u016f\u017eete vyplnit od 3. srpna do 6. z\u00e1\u0159\u00ed 2026 (23:59) nebo do napln\u011bn\u00ed kapacity. P\u0159ihl\u00e1\u0161ku vypl\u0148ujte online v na\u0161em rezerva\u010dn\u00edm syst\u00e9mu a zvolte si vhodn\u00fd term\u00edn p\u0159ij\u00edmac\u00edho \u0159\u00edzen\u00ed (cca 10\u201360 minut dle oboru).<\/div><\/li>\n<li><a class=\"wp-block-latest-posts__post-title\" href=\"https:\/\/www.zusklapkova.cz\/web2\/podekovani-za-pomoc-skolam-postizenym-povodni\/\">Pod\u011bkov\u00e1n\u00ed za pomoc \u0161kol\u00e1m posti\u017een\u00fdm povodn\u00ed<\/a><div class=\"wp-block-latest-posts__post-author\">Autor: zusklapkova<\/div><time datetime=\"2025-01-15T15:51:03+01:00\" class=\"wp-block-latest-posts__post-date\">15. 1. 2025<\/time><div class=\"wp-block-latest-posts__post-excerpt\">V\u00e1\u017een\u00ed rodi\u010de a p\u0159\u00e1tel\u00e9 \u0161koly, s velkou vd\u011b\u010dnost\u00ed d\u011bkujeme za va\u0161i \u0161t\u011bdrost a podporu v na\u0161em \u00fasil\u00ed pom\u00e1hat z\u00e1kladn\u00edm um\u011bleck\u00fdm \u0161kol\u00e1m posti\u017een\u00fdm z\u00e1\u0159ijov\u00fdmi povodn\u011bmi. D\u00edky va\u0161im \u0161t\u011bdr\u00fdm p\u0159\u00edsp\u011bvk\u016fm poskytnut\u00fdm na koncertech \u0161koly se poda\u0159ilo shrom\u00e1\u017edit \u010d\u00e1stku 40&nbsp;000 K\u010d. Tato \u010d\u00e1stka bude prost\u0159ednictv\u00edm Nada\u010dn\u00edho fondu Magdaleny Ko\u017een\u00e9, kter\u00fd organizuje ve\u0159ejnou sb\u00edrku, poskytnuta nejv\u00edce zasa\u017een\u00fdm \u0161kol\u00e1m v &hellip; <a href=\"https:\/\/www.zusklapkova.cz\/web2\/podekovani-za-pomoc-skolam-postizenym-povodni\/\" class=\"more-link\">Pokra\u010dov\u00e1n\u00ed textu <span class=\"screen-reader-text\">Pod\u011bkov\u00e1n\u00ed za pomoc \u0161kol\u00e1m posti\u017een\u00fdm povodn\u00ed<\/span> <span class=\"meta-nav\">&rarr;<\/span><\/a><\/div><\/li>\n<\/ul>","protected":false},"excerpt":{"rendered":"<p>Z\u00e1kladn\u00ed um\u011bleck\u00e1 \u0161kola, Praha 8, Klapkova 25, nab\u00edz\u00ed komplexn\u00ed vzd\u011bl\u00e1n\u00ed v hudebn\u00edm, liter\u00e1rn\u011b-dramatick\u00e9m, tane\u010dn\u00edm a v\u00fdtvarn\u00e9m oboru pro d\u011bti ve v\u011bku 5 a\u017e 18 let. Na\u0161\u00edm posl\u00e1n\u00edm je podporovat kreativitu a um\u011bleck\u00fd r\u016fst ka\u017ed\u00e9ho \u017e\u00e1ka v prost\u0159ed\u00ed, kter\u00e9 inspiruje a motivuje. Podrobn\u00e9 informace pro nov\u011b p\u0159ijat\u00e9 \u017e\u00e1ky a jejich rodi\u010de naleznete v rubrice Pro \u017e\u00e1ky &hellip; <a href=\"https:\/\/www.zusklapkova.cz\/web2\/\" class=\"more-link\">Pokra\u010dov\u00e1n\u00ed textu <span class=\"screen-reader-text\">Um\u011bleck\u00fd rozvoj pro ka\u017ed\u00e9 d\u00edt\u011b<\/span> <span class=\"meta-nav\">&rarr;<\/span><\/a><\/p>\n","protected":false},"author":1,"featured_media":0,"parent":0,"menu_order":0,"comment_status":"closed","ping_status":"closed","template":"","meta":{"footnotes":""},"class_list":["post-137","page","type-page","status-publish","hentry"],"_links":{"self":[{"href":"https:\/\/www.zusklapkova.cz\/web2\/wp-json\/wp\/v2\/pages\/137","targetHints":{"allow":["GET"]}}],"collection":[{"href":"https:\/\/www.zusklapkova.cz\/web2\/wp-json\/wp\/v2\/pages"}],"about":[{"href":"https:\/\/www.zusklapkova.cz\/web2\/wp-json\/wp\/v2\/types\/page"}],"author":[{"embeddable":true,"href":"https:\/\/www.zusklapkova.cz\/web2\/wp-json\/wp\/v2\/users\/1"}],"replies":[{"embeddable":true,"href":"https:\/\/www.zusklapkova.cz\/web2\/wp-json\/wp\/v2\/comments?post=137"}],"version-history":[{"count":36,"href":"https:\/\/www.zusklapkova.cz\/web2\/wp-json\/wp\/v2\/pages\/137\/revisions"}],"predecessor-version":[{"id":855,"href":"https:\/\/www.zusklapkova.cz\/web2\/wp-json\/wp\/v2\/pages\/137\/revisions\/855"}],"wp:attachment":[{"href":"https:\/\/www.zusklapkova.cz\/web2\/wp-json\/wp\/v2\/media?parent=137"}],"curies":[{"name":"wp","href":"https:\/\/api.w.org\/{rel}","templated":true}]}}